{"id":47506,"date":"2026-08-28T12:04:11","date_gmt":"2026-08-28T10:04:11","guid":{"rendered":"https:\/\/www.ekonomiforetag.se\/?post_type=activity&#038;p=47506"},"modified":"2026-09-01T11:25:15","modified_gmt":"2026-09-01T09:25:15","slug":"fardagsrummet","status":"publish","type":"activity","link":"https:\/\/www.ekonomiforetag.se\/sv\/session\/fardagsrummet\/","title":{"rendered":"FARdagsrummet"},"content":{"rendered":"\n<p>Branschens vardagsrum p\u00e5 m\u00e4ssan. H\u00e4r m\u00f6ts m\u00e4nniskor, id\u00e9er och perspektiv i samtal som engagerar och inspirerar. R\u00e4kna med n\u00e4tverkande som k\u00e4nns p\u00e5 riktigt, en levande talkshow och branschens mest prestigefyllda prisutdelning. Allt h\u00e4nder i FARdagsrummet!&nbsp;<\/p>\n\n\n\n<p class=\"has-medium-font-size\"><strong>23 september<\/strong><\/p>\n\n\n\n<p><br>10.00 \u2013 10.15: <strong>FARfika i FARdagsrummet: AI som personlig assistent \u2013 hur mycket smartare kan arbetsdagen bli?<\/strong><\/p>\n\n\n\n<p>Ta en kaffe och l\u00e5t dig inspireras av hur AI kan st\u00f6tta ekonomer i vardagen. <a href=\"https:\/\/www.ekonomiforetag.se\/sv\/speaker\/richard-jarliden\/\">Richard Jarliden<\/a> delar konkreta exempel, smarta arbetss\u00e4tt och id\u00e9er som du kan anv\u00e4nda direkt. En FARfika med inspiration, samtal och n\u00e4tverkande i fokus.<br><br><br>11.00 \u2013 11.30: <strong>Alla kan hitta ett svar. Kan du lita p\u00e5 det?<\/strong><\/p>\n\n\n\n<p>I en tid d\u00e4r information finns \u00f6verallt blir den trygga k\u00e4llan viktigare \u00e4n n\u00e5gonsin. FAR Online hj\u00e4lper dig att hitta korrekta, aktuella och kvalitetss\u00e4krade svar inom redovisning, skatt, revision och h\u00e5llbarhet.<\/p>\n\n\n\n<p>I FARdagsrummet visar <a href=\"https:\/\/www.ekonomiforetag.se\/sv\/speaker\/hanna-lundeborn\/\">Hanna Lundeborn<\/a> och <a href=\"https:\/\/www.ekonomiforetag.se\/sv\/speaker\/maja-stahl\/\">Maja St\u00e5hl<\/a> hur du p\u00e5 ett enkelt s\u00e4tt hittar den kunskap du beh\u00f6ver f\u00f6r att k\u00e4nna dig trygg i dina bed\u00f6mningar och beslut.<\/p>\n\n\n\n<p>Under m\u00e4ssan f\u00e5r alla bes\u00f6kare fri tillg\u00e5ng till FAR Online via m\u00e4ssans wifi. <strong>Trygghet bakom varje svar.<\/strong><\/p>\n\n\n\n<p><br>13.30 \u2013 14.30: <strong>Balans Live: Talkshow om branschens hetaste fr\u00e5gor<\/strong><\/p>\n\n\n\n<p>Samarbete eller konkurrens? Om relationen mellan systemleverant\u00f6rer och byr\u00e5er. Som en f\u00f6ljd av prisjusteringar och nya tj\u00e4nster har en oro blossat upp hos m\u00e5nga byr\u00e5er. Kommer systemleverant\u00f6rerna att ta v\u00e5r aff\u00e4r ifr\u00e5n oss? Vi pratar med byr\u00e5f\u00f6retr\u00e4dare och systemleverant\u00f6rer om hur de ser p\u00e5 relationen och v\u00e4gen fram\u00e5t.<\/p>\n\n\n\n<p><strong>Samtalsledare: <\/strong><a href=\"https:\/\/www.ekonomiforetag.se\/sv\/speaker\/dan-hafstrom\/\">Dan H\u00e5fstr\u00f6m<\/a>, chefredakt\u00f6r tidningen Balans <br><br><strong>G\u00e4ster: <\/strong><a href=\"https:\/\/www.ekonomiforetag.se\/sv\/speaker\/anna-wallman\/\">Anna Wallman<\/a>, byr\u00e5ledare Wallman &amp; Co <br><a href=\"https:\/\/www.ekonomiforetag.se\/sv\/speaker\/nisha-besara\/\">Nisha Besara<\/a>, byr\u00e5ledare Besara redovisning &amp; aff\u00e4rsutveckling <br><a href=\"https:\/\/www.ekonomiforetag.se\/sv\/speaker\/jens-oskar-goransson\/\">Jens-Oskar G\u00f6ransson<\/a>, vd ECIT <br><a href=\"https:\/\/www.ekonomiforetag.se\/sv\/speaker\/hakan-rosen\/\">H\u00e5kan Ros\u00e9n<\/a>, chef f\u00f6r aff\u00e4rsutveckling och f\u00f6rv\u00e4rv, Fortnox <br><a href=\"https:\/\/www.ekonomiforetag.se\/sv\/speaker\/ulf-bokelund-svensson\/\">Ulf Bokelund Svensson<\/a>, vd Bjorn Lunden <br><a href=\"https:\/\/www.ekonomiforetag.se\/sv\/speaker\/andreas-naslund\/\">Andreas N\u00e4slund<\/a>, Country Manager Sweden, Finago<\/p>\n\n\n\n<p><br>15.30 \u2013 16.00: <strong>Framtidsmingel i FARdagsrummet<\/strong><\/p>\n\n\n\n<p>Mingla med branschkollegor och lyssna p\u00e5 f\u00f6rra \u00e5rets vinnare av \u00c5rets framtidsbyr\u00e5.<br><\/p>\n\n\n\n<p>16.00-16.30: <strong>\u00c5rets Framtidsbyr\u00e5 2026 \u2013 branschens finaste utm\u00e4rkelse<\/strong><\/p>\n\n\n\n<p>Vilken byr\u00e5 visar v\u00e4gen fram\u00e5t? Vilka inspirerar med nya arbetss\u00e4tt, smarta l\u00f6sningar och en tydlig vision f\u00f6r framtiden?<\/p>\n\n\n\n<p>P\u00e5 Ekonomi &amp; F\u00f6retag samlar vi branschen f\u00f6r att hylla de byr\u00e5er som v\u00e5gar t\u00e4nka nytt, utveckla verksamheten och skapa v\u00e4rde f\u00f6r b\u00e5de kunder och medarbetare.<\/p>\n\n\n\n<p>M\u00f6t de nominerade, ta del av deras resa och var med n\u00e4r vinnaren av \u00c5rets Framtidsbyr\u00e5 2026 koras. Det blir inspiration, framtidstro och en hyllning till det b\u00e4sta v\u00e5r bransch har att erbjuda.<\/p>\n\n\n\n<p>V\u00e4lkommen att fira branschens finaste utm\u00e4rkelse tillsammans med oss.<br><br><\/p>\n\n\n\n<p class=\"has-medium-font-size\"><strong>24 september<\/strong><br><\/p>\n\n\n\n<p><br>10.00-10.15: <strong>FARfika i FARdagsrummet: AI kan g\u00f6ra bokf\u00f6ring. Men vem tar ansvar f\u00f6r kvaliteten?<\/strong><\/p>\n\n\n\n<p>AI f\u00f6r\u00e4ndrar ekonomibranschen i snabb takt. Men n\u00e4r tekniken tar \u00f6ver mer av det operativa arbetet v\u00e4xer behovet av n\u00e5got annat: omd\u00f6me, kvalitet och f\u00f6rtroende.<\/p>\n\n\n\n<p>\u00d6ver en kopp kaffe diskuterar vi hur konsultrollen utvecklas, varf\u00f6r f\u00f6rtroende blir en allt viktigare konkurrensf\u00f6rdel och vilken betydelse auktorisation kan ha i framtidens bransch.<\/p>\n\n\n\n<p>V\u00e4lkommen till FARfika med <a href=\"https:\/\/www.ekonomiforetag.se\/sv\/speaker\/camilla-carlsson\/\">Camilla Carlsson<\/a> och g\u00e4ster fr\u00e5n branschen.<\/p>\n\n\n\n<p><br>11.00 \u2013 11.30: <strong>Alla kan hitta ett svar. Kan du lita p\u00e5 det?<\/strong><\/p>\n\n\n\n<p>I en tid d\u00e4r information finns \u00f6verallt blir den trygga k\u00e4llan viktigare \u00e4n n\u00e5gonsin. FAR Online hj\u00e4lper dig att hitta korrekta, aktuella och kvalitetss\u00e4krade svar inom redovisning, skatt, revision och h\u00e5llbarhet.<\/p>\n\n\n\n<p>I FARdagsrummet visar <a href=\"https:\/\/www.ekonomiforetag.se\/sv\/speaker\/hanna-lundeborn\/\">Hanna Lundeborn<\/a> och <a href=\"https:\/\/www.ekonomiforetag.se\/sv\/speaker\/maja-stahl\/\">Maja St\u00e5hl<\/a> hur du p\u00e5 ett enkelt s\u00e4tt hittar den kunskap du beh\u00f6ver f\u00f6r att k\u00e4nna dig trygg i dina bed\u00f6mningar och beslut.<\/p>\n\n\n\n<p>Under m\u00e4ssan f\u00e5r alla bes\u00f6kare fri tillg\u00e5ng till FAR Online via m\u00e4ssans wifi. Trygghet bakom varje svar.<\/p>\n\n\n\n<p><br>13.30 \u2013 14.30: <strong>Balans Live: Talkshow om branschens hetaste fr\u00e5gor<\/strong><\/p>\n\n\n\n<p>Att tj\u00e4na pengar p\u00e5 r\u00e5dgivning: Vad funkar i dag och vad kommer att funka i morgon? N\u00e5gra byr\u00e5f\u00f6retr\u00e4dare ger handfasta tips om vilken slags r\u00e5dgivning som kan f\u00e5 din byr\u00e5 att v\u00e4xa.<\/p>\n\n\n\n<p><strong>Samtalsledare: <\/strong><a href=\"https:\/\/www.ekonomiforetag.se\/sv\/speaker\/dan-hafstrom\/\">Dan H\u00e5fstr\u00f6m<\/a>, chefredakt\u00f6r tidningen Balans <br><strong>Co-host: <\/strong><a href=\"https:\/\/www.ekonomiforetag.se\/sv\/speaker\/jan-soderqvist\/\">Jan S\u00f6derqvist<\/a>, Spiris<\/p>\n\n\n\n<p><strong>G\u00e4ster:<\/strong> <a href=\"https:\/\/www.ekonomiforetag.se\/sv\/speaker\/sofia-abukar\/\">Sofia Abukar<\/a>, byr\u00e5ledare Hormar<br><a href=\"https:\/\/www.ekonomiforetag.se\/sv\/speaker\/maria-bjorkman\/\">Maria Bj\u00f6rkman<\/a>, BDO <br><a href=\"https:\/\/www.ekonomiforetag.se\/sv\/speaker\/jens-oskar-goransson\/\">Jens-Oskar G\u00f6ransson<\/a>, vd ECIT <br><a href=\"https:\/\/www.ekonomiforetag.se\/sv\/speaker\/sven-cristea\/\">Sven Cristea<\/a>, SEVR<\/p>\n\n\n\n<p><\/p>\n","protected":false},"excerpt":{"rendered":"<p>Branschens vardagsrum p\u00e5 m\u00e4ssan. H\u00e4r m\u00f6ts m\u00e4nniskor, id\u00e9er och perspektiv i samtal som engagerar och inspirerar.<\/p>\n","protected":false},"featured_media":0,"template":"","meta":{"_seopress_titles_title":"%%post_title%% %%sep%% Ekonomi & F\u00f6retag","_seopress_titles_desc":"%%post_excerpt%%","_seopress_robots_index":"","_seopress_robots_follow":"","_seopress_robots_imageindex":"","_seopress_robots_snippet":"","_seopress_robots_primary_cat":"","_seopress_robots_breadcrumbs":"","_seopress_robots_freeze_modified_date":"","_seopress_robots_custom_modified_date":"","_seopress_robots_canonical":"","_seopress_social_fb_title":"","_seopress_social_fb_desc":"","_seopress_social_fb_img":"","_seopress_social_fb_img_attachment_id":0,"_seopress_social_fb_img_width":0,"_seopress_social_fb_img_height":0,"_seopress_social_twitter_title":"","_seopress_social_twitter_desc":"","_seopress_social_twitter_img":"","_seopress_social_twitter_img_attachment_id":0,"_seopress_social_twitter_img_width":0,"_seopress_social_twitter_img_height":0,"_seopress_redirections_value":"","_seopress_redirections_enabled":"","_seopress_redirections_enabled_regex":"","_seopress_redirections_logged_status":"","_seopress_redirections_param":"","_seopress_redirections_type":0,"_seopress_analysis_target_kw":"","_seopress_news_disabled":"","_seopress_video_disabled":"","_seopress_video":[],"_seopress_pro_schemas_manual":[],"_seopress_pro_rich_snippets_disable_all":"","_seopress_pro_rich_snippets_disable":[],"_seopress_pro_schemas":[],"_activity_time_start":"10:00","_activity_time_end":"16:30","_activity_date":"2026-09-23","_activity_price":"0","footnotes":""},"edition":[648],"location":[643],"track":[],"activity_type":[644],"class_list":["post-47506","activity","type-activity","status-publish","hentry","edition-ekonomi-foretag-2026","location-fardagsrummet","activity_type-natverkande"],"_guests":[{"href":"https:\/\/www.ekonomiforetag.se\/sv\/wp-json\/wp\/v2\/guest\/48100"},{"href":"https:\/\/www.ekonomiforetag.se\/sv\/wp-json\/wp\/v2\/guest\/48078"},{"href":"https:\/\/www.ekonomiforetag.se\/sv\/wp-json\/wp\/v2\/guest\/48075"},{"href":"https:\/\/www.ekonomiforetag.se\/sv\/wp-json\/wp\/v2\/guest\/48048"},{"href":"https:\/\/www.ekonomiforetag.se\/sv\/wp-json\/wp\/v2\/guest\/47695"}],"_sponsors":[],"_cover_image":null,"_links":{"self":[{"href":"https:\/\/www.ekonomiforetag.se\/sv\/wp-json\/wp\/v2\/activity\/47506","targetHints":{"allow":["GET"]}}],"collection":[{"href":"https:\/\/www.ekonomiforetag.se\/sv\/wp-json\/wp\/v2\/activity"}],"about":[{"href":"https:\/\/www.ekonomiforetag.se\/sv\/wp-json\/wp\/v2\/types\/activity"}],"version-history":[{"count":4,"href":"https:\/\/www.ekonomiforetag.se\/sv\/wp-json\/wp\/v2\/activity\/47506\/revisions"}],"predecessor-version":[{"id":48113,"href":"https:\/\/www.ekonomiforetag.se\/sv\/wp-json\/wp\/v2\/activity\/47506\/revisions\/48113"}],"wp:attachment":[{"href":"https:\/\/www.ekonomiforetag.se\/sv\/wp-json\/wp\/v2\/media?parent=47506"}],"wp:term":[{"taxonomy":"edition","embeddable":true,"href":"https:\/\/www.ekonomiforetag.se\/sv\/wp-json\/wp\/v2\/edition?post=47506"},{"taxonomy":"location","embeddable":true,"href":"https:\/\/www.ekonomiforetag.se\/sv\/wp-json\/wp\/v2\/location?post=47506"},{"taxonomy":"track","embeddable":true,"href":"https:\/\/www.ekonomiforetag.se\/sv\/wp-json\/wp\/v2\/track?post=47506"},{"taxonomy":"activity_type","embeddable":true,"href":"https:\/\/www.ekonomiforetag.se\/sv\/wp-json\/wp\/v2\/activity_type?post=47506"}],"curies":[{"name":"wp","href":"https:\/\/api.w.org\/{rel}","templated":true}]}}